{"id":68,"date":"2017-09-07T11:17:08","date_gmt":"2017-09-07T14:17:08","guid":{"rendered":"http:\/\/estacaoinformaticahost01.br-web.com\/transparente\/index\/?page_id=68"},"modified":"2025-09-22T14:48:09","modified_gmt":"2025-09-22T17:48:09","slug":"licitacao","status":"publish","type":"page","link":"https:\/\/ruybarbosa.rn.gov.br\/transparente\/index\/transparencia\/licitacao\/","title":{"rendered":"Licita\u00e7\u00e3o"},"content":{"rendered":"<p>[et_pb_section fb_built=&#8221;1&#8243; admin_label=&#8221;CABE\u00c7ALHO&#8221; _builder_version=&#8221;4.16&#8243; collapsed=&#8221;on&#8221; global_colors_info=&#8221;{}&#8221;][et_pb_row column_structure=&#8221;1_3,1_3,1_3&#8243; _builder_version=&#8221;4.16&#8243; global_colors_info=&#8221;{}&#8221;][et_pb_column type=&#8221;1_3&#8243; _builder_version=&#8221;4.16&#8243; global_colors_info=&#8221;{}&#8221;][et_pb_image src=&#8221;https:\/\/ruybarbosa.rn.gov.br\/transparente\/index\/wp-content\/uploads\/2023\/07\/logoruybarbosa-300&#215;86-1.png&#8221; _builder_version=&#8221;4.16&#8243; global_colors_info=&#8221;{}&#8221;][\/et_pb_image][\/et_pb_column][et_pb_column type=&#8221;1_3&#8243; _builder_version=&#8221;4.16&#8243; global_colors_info=&#8221;{}&#8221;][\/et_pb_column][et_pb_column type=&#8221;1_3&#8243; _builder_version=&#8221;4.16&#8243; global_colors_info=&#8221;{}&#8221;][et_pb_image src=&#8221;https:\/\/ruybarbosa.rn.gov.br\/transparente\/index\/wp-content\/uploads\/2022\/08\/portal-transparencia.png&#8221; _builder_version=&#8221;4.16&#8243; global_colors_info=&#8221;{}&#8221;][\/et_pb_image][\/et_pb_column][\/et_pb_row][et_pb_row _builder_version=&#8221;4.16&#8243; global_colors_info=&#8221;{}&#8221;][et_pb_column type=&#8221;4_4&#8243; _builder_version=&#8221;4.16&#8243; global_colors_info=&#8221;{}&#8221;][et_pb_text _builder_version=&#8221;4.16&#8243; global_colors_info=&#8221;{}&#8221;]<\/p>\n<p>Sabemos que a exig\u00eancia por transpar\u00eancia no brasil j\u00e1 se estende desde o ano 2000 com a cria\u00e7\u00e3o da\u00a0<strong>lei de Responsabilidade Fiscal<\/strong>\u00a0(<a role=\"link\" href=\"https:\/\/www.planalto.gov.br\/ccivil_03\/leis\/lcp\/lcp101.htm\" rel=\"noopener noreferrer\" data-saferedirecturl=\"https:\/\/www.google.com\/url?hl=pt-BR&amp;q=https:\/\/www.planalto.gov.br\/ccivil_03\/leis\/lcp\/lcp101.htm&amp;source=gmail&amp;ust=1478230407070000&amp;usg=AFQjCNE9pnGpq0FhmfIlJR_zkepmQ-uNrQ\" data-raofz=\"14\">Lei Complementar n\u00ba 101, de 04 de maio de 2000<\/a>), onde se tornou mais forte com a aprova\u00e7\u00e3o da\u00a0<strong>Lei da Transpar\u00eancia<\/strong>\u00a0(<a role=\"link\" href=\"http:\/\/www.planalto.gov.br\/ccivil_03\/leis\/LCP\/Lcp131.htm\" rel=\"noopener noreferrer\" data-saferedirecturl=\"https:\/\/www.google.com\/url?hl=pt-BR&amp;q=http:\/\/www.planalto.gov.br\/ccivil_03\/leis\/LCP\/Lcp131.htm&amp;source=gmail&amp;ust=1478230407070000&amp;usg=AFQjCNG8oBs3UoWwT6fsWhP05SJLyAmYtQ\" data-raofz=\"14\">Lei Complementar 131, de 27 de maio de 2009<\/a>). tendo seu refor\u00e7o com a\u00a0<strong>lei de Ficha Limpa<\/strong>\u00a0(<a role=\"link\" href=\"https:\/\/www.planalto.gov.br\/ccivil_03\/leis\/lcp\/lcp135.htm\" rel=\"noopener noreferrer\" data-saferedirecturl=\"https:\/\/www.google.com\/url?hl=pt-BR&amp;q=https:\/\/www.planalto.gov.br\/ccivil_03\/leis\/lcp\/lcp135.htm&amp;source=gmail&amp;ust=1478230407070000&amp;usg=AFQjCNGq_rOZpNpiY7XQhV12lu1pwYPu7w\" data-raofz=\"14\">Lei Complementar n\u00ba 135, de 04 de junho de 2010<\/a>) e efetivando a transpar\u00eancia de fato com a\u00a0<strong>Lei de Acesso a Informa\u00e7\u00e3o<\/strong>\u00a0(<a role=\"link\" href=\"https:\/\/www.planalto.gov.br\/ccivil_03\/_ato2011-2014\/2011\/lei\/l12527.htm\" rel=\"noopener noreferrer\" data-saferedirecturl=\"https:\/\/www.google.com\/url?hl=pt-BR&amp;q=https:\/\/www.planalto.gov.br\/ccivil_03\/_ato2011-2014\/2011\/lei\/l12527.htm&amp;source=gmail&amp;ust=1478230407070000&amp;usg=AFQjCNHVmJgKX3zynYJk9g9JIC2cBxUzjg\" data-raofz=\"14\">Lei n\u00ba 12.527, de 18 de novembro de 2011<\/a>).<\/p>\n<p>[\/et_pb_text][\/et_pb_column][\/et_pb_row][\/et_pb_section][et_pb_section fb_built=&#8221;1&#8243; admin_label=&#8221;MENU&#8221; _builder_version=&#8221;4.21.0&#8243; background_color=&#8221;#0C71C3&#8243; box_shadow_style=&#8221;preset1&#8243; collapsed=&#8221;on&#8221; global_colors_info=&#8221;{}&#8221;][et_pb_row _builder_version=&#8221;4.21.0&#8243; background_color=&#8221;RGBA(255,255,255,0)&#8221; global_colors_info=&#8221;{}&#8221;][et_pb_column type=&#8221;4_4&#8243; _builder_version=&#8221;4.16&#8243; global_colors_info=&#8221;{}&#8221;][et_pb_menu menu_id=&#8221;236&#8243; active_link_color=&#8221;#EDF000&#8243; _builder_version=&#8221;4.21.0&#8243; _module_preset=&#8221;default&#8221; menu_font=&#8221;|700||on|||||&#8221; menu_text_color=&#8221;#FFFFFF&#8221; background_color=&#8221;RGBA(255,255,255,0)&#8221; global_colors_info=&#8221;{}&#8221;][\/et_pb_menu][\/et_pb_column][\/et_pb_row][\/et_pb_section][et_pb_section fb_built=&#8221;1&#8243; admin_label=&#8221;CORPO&#8221; _builder_version=&#8221;4.21.0&#8243; background_color=&#8221;#EDF000&#8243; collapsed=&#8221;off&#8221; global_colors_info=&#8221;{}&#8221;][et_pb_row _builder_version=&#8221;4.21.0&#8243; background_color=&#8221;#FFFFFF&#8221; background_size=&#8221;initial&#8221; background_position=&#8221;top_left&#8221; background_repeat=&#8221;repeat&#8221; border_width_all=&#8221;20px&#8221; border_color_all=&#8221;RGBA(255,255,255,0)&#8221; global_colors_info=&#8221;{}&#8221;][et_pb_column type=&#8221;4_4&#8243; _builder_version=&#8221;4.16&#8243; custom_padding=&#8221;|||&#8221; global_colors_info=&#8221;{}&#8221; custom_padding__hover=&#8221;|||&#8221;][et_pb_post_title meta=&#8221;off&#8221; featured_image=&#8221;off&#8221; _builder_version=&#8221;4.21.0&#8243; title_font=&#8221;|||on|||||&#8221; border_color_all=&#8221;#FFFFFF&#8221; global_colors_info=&#8221;{}&#8221;][\/et_pb_post_title][et_pb_text _builder_version=&#8221;4.21.0&#8243; _module_preset=&#8221;default&#8221; hover_enabled=&#8221;0&#8243; sticky_enabled=&#8221;0&#8243;]<\/p>\n\n\n    <div class='data-table-23 tableon-data-table  tableon_default_tables ' data-skin=\"default\" data-post-type=\"post\" id='t69f5e5f136598'>\n        <input type=\"search\" data-key=\"post_title\" value=\"\" minlength=\"3\" class=\"tableon-text-search\"  placeholder=\"Pesquise aqui...\" \/>\n\n\n                    <div class=\"tableon-filter-data\" style=\"display: none;\">{\"post_date\":{\"view\":\"calendar\",\"placeholder\":\"De: Data\",\"title\":\"De: Data\"},\"post_date---to\":{\"view\":\"calendar\",\"placeholder\":\"Para: Data\",\"title\":\"Para: Data\"},\"category\":{\"title\":\"S\\u00e9rie hist\\u00f3rica\",\"view\":\"select\",\"options\":[{\"id\":31,\"name\":\"Licita\\u00e7\\u00e3o\",\"slug\":\"licitacao\",\"title\":\" Licita\\u00e7\\u00e3o\"},{\"id\":100,\"name\":\"Ata de Registro de Pre\\u00e7os\",\"slug\":\"ata-de-registro\",\"title\":\"- Ata de Registro de Pre\\u00e7os\"},{\"id\":178,\"name\":\"Contratos ou Ata de Registro de Pre\\u00e7o 2017\",\"slug\":\"contratos-ou-ata-de-registro-de-preco-2017\",\"title\":\"-- Contratos ou Ata de Registro de Pre\\u00e7o 2017\"},{\"id\":177,\"name\":\"Contratos ou Ata de Registro de Pre\\u00e7o 2019\",\"slug\":\"contratos-ou-ata-de-registro-de-preco-2019\",\"title\":\"-- Contratos ou Ata de Registro de Pre\\u00e7o 2019\"},{\"id\":176,\"name\":\"Contratos ou Ata de Registro de Pre\\u00e7o 2020\",\"slug\":\"contratos-ou-ata-de-registro-de-preco-2020\",\"title\":\"-- Contratos ou Ata de Registro de Pre\\u00e7o 2020\"},{\"id\":175,\"name\":\"Contratos ou Ata de Registro de Pre\\u00e7o 2021\",\"slug\":\"contratos-ou-ata-de-registro-de-preco-2021\",\"title\":\"-- Contratos ou Ata de Registro de Pre\\u00e7o 2021\"},{\"id\":174,\"name\":\"Contratos ou Ata de Registro de Pre\\u00e7o 2022\",\"slug\":\"contratos-ou-ata-de-registro-de-preco-2022\",\"title\":\"-- Contratos ou Ata de Registro de Pre\\u00e7o 2022\"},{\"id\":228,\"name\":\"Contratos ou Ata de Registro de Pre\\u00e7o 2023\",\"slug\":\"contratos-ou-ata-de-registro-de-preco-2023\",\"title\":\"-- Contratos ou Ata de Registro de Pre\\u00e7o 2023\"},{\"id\":237,\"name\":\"Contratos ou Ata de Registro de Pre\\u00e7o 2024\",\"slug\":\"contratos-ou-ata-de-registro-de-preco-2024\",\"title\":\"-- Contratos ou Ata de Registro de Pre\\u00e7o 2024\"},{\"id\":255,\"name\":\"Contratos ou Ata de Registro de Pre\\u00e7o 2025\",\"slug\":\"contratos-ou-ata-de-registro-de-preco-2025\",\"title\":\"-- Contratos ou Ata de Registro de Pre\\u00e7o 2025\"},{\"id\":290,\"name\":\"Contratos ou Ata de Registro de Pre\\u00e7o 2026\",\"slug\":\"contratos-ou-ata-de-registro-de-preco-2026\",\"title\":\"-- Contratos ou Ata de Registro de Pre\\u00e7o 2026\"},{\"id\":32,\"name\":\"Aviso de Licita\\u00e7\\u00e3o\",\"slug\":\"aviso-de-licitacao\",\"title\":\"- Aviso de Licita\\u00e7\\u00e3o\"},{\"id\":36,\"name\":\"Contratos\",\"slug\":\"contratos\",\"title\":\"- Contratos\"},{\"id\":91,\"name\":\"Convite\",\"slug\":\"convite\",\"title\":\"- Convite\"},{\"id\":96,\"name\":\"Dispensa de Licita\\u00e7\\u00e3o\",\"slug\":\"dispensa-de-licitacao\",\"title\":\"- Dispensa de Licita\\u00e7\\u00e3o\"},{\"id\":272,\"name\":\"Dispensa de Licita\\u00e7\\u00e3o 2019\",\"slug\":\"dispensa-de-licitacao-2019\",\"title\":\"-- Dispensa de Licita\\u00e7\\u00e3o 2019\"},{\"id\":271,\"name\":\"Dispensa de Licita\\u00e7\\u00e3o 2020\",\"slug\":\"dispensa-de-licitacao-2020\",\"title\":\"-- Dispensa de Licita\\u00e7\\u00e3o 2020\"},{\"id\":270,\"name\":\"Dispensa de Licita\\u00e7\\u00e3o 2021\",\"slug\":\"dispensa-de-licitacao-2021\",\"title\":\"-- Dispensa de Licita\\u00e7\\u00e3o 2021\"},{\"id\":269,\"name\":\"Dispensa de Licita\\u00e7\\u00e3o 2022\",\"slug\":\"dispensa-de-licitacao-2022\",\"title\":\"-- Dispensa de Licita\\u00e7\\u00e3o 2022\"},{\"id\":268,\"name\":\"Dispensa de Licita\\u00e7\\u00e3o 2023\",\"slug\":\"dispensa-de-licitacao-2023\",\"title\":\"-- Dispensa de Licita\\u00e7\\u00e3o 2023\"},{\"id\":267,\"name\":\"Dispensa de Licita\\u00e7\\u00e3o 2024\",\"slug\":\"dispensa-de-licitacao-2024\",\"title\":\"-- Dispensa de Licita\\u00e7\\u00e3o 2024\"},{\"id\":266,\"name\":\"Dispensa de Licita\\u00e7\\u00e3o 2025\",\"slug\":\"dispensa-de-licitacao-2025\",\"title\":\"-- Dispensa de Licita\\u00e7\\u00e3o 2025\"},{\"id\":291,\"name\":\"Dispensa de Licita\\u00e7\\u00e3o 2026\",\"slug\":\"dispensa-de-licitacao-2026\",\"title\":\"-- Dispensa de Licita\\u00e7\\u00e3o 2026\"},{\"id\":35,\"name\":\"Editais de Licita\\u00e7\\u00e3o\",\"slug\":\"editais-de-licitacao\",\"title\":\"- Editais de Licita\\u00e7\\u00e3o\"},{\"id\":162,\"name\":\"Editais de Licita\\u00e7\\u00e3o 2018\",\"slug\":\"editais-de-licitacao-2018\",\"title\":\"-- Editais de Licita\\u00e7\\u00e3o 2018\"},{\"id\":161,\"name\":\"Editais de Licita\\u00e7\\u00e3o 2021\",\"slug\":\"editais-de-licitacao-2021\",\"title\":\"-- Editais de Licita\\u00e7\\u00e3o 2021\"},{\"id\":160,\"name\":\"Editais de Licita\\u00e7\\u00e3o 2022\",\"slug\":\"editais-de-licitacao-2022\",\"title\":\"-- Editais de Licita\\u00e7\\u00e3o 2022\"},{\"id\":222,\"name\":\"Editais de Licita\\u00e7\\u00e3o 2023\",\"slug\":\"editais-de-licitacao-2023\",\"title\":\"-- Editais de Licita\\u00e7\\u00e3o 2023\"},{\"id\":239,\"name\":\"Editais de Licita\\u00e7\\u00e3o 2024\",\"slug\":\"editais-de-licitacao-2024\",\"title\":\"-- Editais de Licita\\u00e7\\u00e3o 2024\"},{\"id\":252,\"name\":\"Editais de Licita\\u00e7\\u00e3o 2025\",\"slug\":\"editais-de-licitacao-2025\",\"title\":\"-- Editais de Licita\\u00e7\\u00e3o 2025\"},{\"id\":292,\"name\":\"Editais de Licita\\u00e7\\u00e3o 2026\",\"slug\":\"editais-de-licitacao-2026\",\"title\":\"-- Editais de Licita\\u00e7\\u00e3o 2026\"},{\"id\":99,\"name\":\"Homologa\\u00e7\\u00e3o\",\"slug\":\"homologacao\",\"title\":\"- Homologa\\u00e7\\u00e3o\"},{\"id\":93,\"name\":\"Inexigibilidade\",\"slug\":\"inexigibilidade\",\"title\":\"- Inexigibilidade\"},{\"id\":265,\"name\":\"Inexigibilidade 2019\",\"slug\":\"inexigibilidade-2019\",\"title\":\"-- Inexigibilidade 2019\"},{\"id\":264,\"name\":\"Inexigibilidade 2020\",\"slug\":\"inexigibilidade-2020\",\"title\":\"-- Inexigibilidade 2020\"},{\"id\":263,\"name\":\"Inexigibilidade 2021\",\"slug\":\"inexigibilidade-2021\",\"title\":\"-- Inexigibilidade 2021\"},{\"id\":262,\"name\":\"Inexigibilidade 2022\",\"slug\":\"inexigibilidade-2022\",\"title\":\"-- Inexigibilidade 2022\"},{\"id\":261,\"name\":\"Inexigibilidade 2023\",\"slug\":\"inexigibilidade-2023\",\"title\":\"-- Inexigibilidade 2023\"},{\"id\":260,\"name\":\"Inexigibilidade 2024\",\"slug\":\"inexigibilidade-2024\",\"title\":\"-- Inexigibilidade 2024\"},{\"id\":259,\"name\":\"Inexigibilidade 2025\",\"slug\":\"inexigibilidade-2025\",\"title\":\"-- Inexigibilidade 2025\"},{\"id\":293,\"name\":\"Inexigibilidade 2026\",\"slug\":\"inexigibilidade-2026\",\"title\":\"-- Inexigibilidade 2026\"},{\"id\":110,\"name\":\"Preg\\u00e3o Eletr\\u00f4nico\",\"slug\":\"pregao-eletronico\",\"title\":\"- Preg\\u00e3o Eletr\\u00f4nico\"},{\"id\":94,\"name\":\"Preg\\u00e3o Presencial\",\"slug\":\"pregao-presencial\",\"title\":\"- Preg\\u00e3o Presencial\"},{\"id\":87,\"name\":\"Recurso de Licita\\u00e7\\u00e3o\",\"slug\":\"recurso-de-licitacao\",\"title\":\"- Recurso de Licita\\u00e7\\u00e3o\"},{\"id\":173,\"name\":\"Recurso de Licita\\u00e7\\u00e3o 2019\",\"slug\":\"recurso-de-licitacao-2019\",\"title\":\"-- Recurso de Licita\\u00e7\\u00e3o 2019\"},{\"id\":172,\"name\":\"Recurso de Licita\\u00e7\\u00e3o 2021\",\"slug\":\"recurso-de-licitacao-2021\",\"title\":\"-- Recurso de Licita\\u00e7\\u00e3o 2021\"},{\"id\":171,\"name\":\"Recurso de Licita\\u00e7\\u00e3o 2022\",\"slug\":\"recurso-de-licitacao-2022\",\"title\":\"-- Recurso de Licita\\u00e7\\u00e3o 2022\"},{\"id\":230,\"name\":\"Recurso de Licita\\u00e7\\u00e3o 2023\",\"slug\":\"recurso-de-licitacao-2023\",\"title\":\"-- Recurso de Licita\\u00e7\\u00e3o 2023\"},{\"id\":240,\"name\":\"Recurso de Licita\\u00e7\\u00e3o 2024\",\"slug\":\"recurso-de-licitacao-2024\",\"title\":\"-- Recurso de Licita\\u00e7\\u00e3o 2024\"},{\"id\":33,\"name\":\"Resultado de Licita\\u00e7\\u00e3o\",\"slug\":\"resultado-de-licitacao\",\"title\":\"- Resultado de Licita\\u00e7\\u00e3o\"},{\"id\":169,\"name\":\"Resultado de Licita\\u00e7\\u00e3o 2017\",\"slug\":\"resultado-de-licitacao-2017\",\"title\":\"-- Resultado de Licita\\u00e7\\u00e3o 2017\"},{\"id\":168,\"name\":\"Resultado de Licita\\u00e7\\u00e3o 2018\",\"slug\":\"resultado-de-licitacao-2018\",\"title\":\"-- Resultado de Licita\\u00e7\\u00e3o 2018\"},{\"id\":167,\"name\":\"Resultado de Licita\\u00e7\\u00e3o 2019\",\"slug\":\"resultado-de-licitacao-2019\",\"title\":\"-- Resultado de Licita\\u00e7\\u00e3o 2019\"},{\"id\":166,\"name\":\"Resultado de Licita\\u00e7\\u00e3o 2020\",\"slug\":\"resultado-de-licitacao-2020\",\"title\":\"-- Resultado de Licita\\u00e7\\u00e3o 2020\"},{\"id\":165,\"name\":\"Resultado de Licita\\u00e7\\u00e3o 2021\",\"slug\":\"resultado-de-licitacao-2021\",\"title\":\"-- Resultado de Licita\\u00e7\\u00e3o 2021\"},{\"id\":164,\"name\":\"Resultado de Licita\\u00e7\\u00e3o 2022\",\"slug\":\"resultado-de-licitacao-2022\",\"title\":\"-- Resultado de Licita\\u00e7\\u00e3o 2022\"},{\"id\":229,\"name\":\"Resultado de Licita\\u00e7\\u00e3o 2023\",\"slug\":\"resultado-de-licitacao-2023\",\"title\":\"-- Resultado de Licita\\u00e7\\u00e3o 2023\"},{\"id\":241,\"name\":\"Resultado de Licita\\u00e7\\u00e3o 2024\",\"slug\":\"resultado-de-licitacao-2024\",\"title\":\"-- Resultado de Licita\\u00e7\\u00e3o 2024\"},{\"id\":111,\"name\":\"Termo de Ades\\u00e3o\",\"slug\":\"termo-de-adesao\",\"title\":\"- Termo de Ades\\u00e3o\"},{\"id\":279,\"name\":\"Termo de Ades\\u00e3o 2020\",\"slug\":\"termo-de-adesao-2020\",\"title\":\"-- Termo de Ades\\u00e3o 2020\"},{\"id\":278,\"name\":\"Termo de Ades\\u00e3o 2021\",\"slug\":\"termo-de-adesao-2021\",\"title\":\"-- Termo de Ades\\u00e3o 2021\"},{\"id\":277,\"name\":\"Termo de Ades\\u00e3o 2022\",\"slug\":\"termo-de-adesao-2022\",\"title\":\"-- Termo de Ades\\u00e3o 2022\"},{\"id\":276,\"name\":\"Termo de Ades\\u00e3o 2023\",\"slug\":\"termo-de-adesao-2023\",\"title\":\"-- Termo de Ades\\u00e3o 2023\"},{\"id\":275,\"name\":\"Termo de Ades\\u00e3o 2024\",\"slug\":\"termo-de-adesao-2024\",\"title\":\"-- Termo de Ades\\u00e3o 2024\"},{\"id\":274,\"name\":\"Termo de Ades\\u00e3o 2025\",\"slug\":\"termo-de-adesao-2025\",\"title\":\"-- Termo de Ades\\u00e3o 2025\"},{\"id\":95,\"name\":\"Termo de Adjudica\\u00e7\\u00e3o\",\"slug\":\"termo-de-adjudicacao\",\"title\":\"- Termo de Adjudica\\u00e7\\u00e3o\"},{\"id\":104,\"name\":\"Termo de Ratifica\\u00e7\\u00e3o\",\"slug\":\"termo-de-ratificacao\",\"title\":\"- Termo de Ratifica\\u00e7\\u00e3o\"}]}}<\/div>\n\n                                            <div class=\"tableon-filter-list  \"><\/div>\n            \n            <div class=\"tableon-clearfix\"><\/div>\n        \n        <div class=\"tableon-order-select-zone\" style=\"float:right;\">\n                    <\/div>  \n\n        <div class=\"tableon-clearfix\"><\/div>\n\n        <div class=\"table23-place-loader\">Loading ...<\/div>\n        <table class=\"tableon-table\"><\/table>\n\n    <\/div>\n\n\n    <style data-table23-skin='default' data-table23-skin-of='t69f5e5f136598'><\/style><div class='tableon-table-json-data' data-table-id='t69f5e5f136598' style='display: none;'>{\"mode\":\"ajax\",\"wp_nonce\":\"fda763f742\",\"ajax_url\":\"https:\\\/\\\/ruybarbosa.rn.gov.br\\\/transparente\\\/index\\\/wp-admin\\\/admin-ajax.php\",\"selected_lang\":\"pt_BR\",\"table_data\":[],\"heads\":{\"post_title\":\"Titulo\",\"post_status\":\"Status\"},\"hide_on_mobile\":[\"post_status\"],\"cells_width\":[\"auto\",\"auto\"],\"orders\":{\"id\":\"desc\",\"post_title\":\"asc\",\"post_status\":\"asc\",\"post_date\":\"desc\",\"post_modified\":\"desc\",\"comment_count\":\"desc\"},\"editable\":[],\"custom_field_keys\":[],\"total_rows_count\":200,\"use_load_more\":1,\"css_classes\":\"\",\"no_found_text\":\"\",\"show_print_btn\":1,\"post_id\":0,\"compact_view_width\":-1,\"stop_notice\":\"\",\"use_flow_header\":1,\"style\":\"\",\"skin\":\"\",\"pagination\":{\"position\":\"tb\",\"next\":{\"class\":\"tableon-btn\",\"content\":\"&gt;\"},\"prev\":{\"class\":\"tableon-btn\",\"content\":\"&lt;\"},\"input\":{\"class\":\"tableon-form-control\"}},\"lang\":{\"loading\":\"Loading ...\",\"no_data\":\"No Data!\",\"error\":\"Error!\",\"items\":\"Publica\\u00e7\\u00f5es\",\"page\":\"Page\",\"pages\":\"P\\u00e1ginas\",\"load_more\":\"Leia mais...\"},\"per_page_sel_position\":\"tb\",\"per_page_sel_pp\":[\"10\",\"20\",\"30\",\"40\",\"50\",\"60\",\"70\",\"80\",\"90\",\"100\"],\"print_css_url\":\"https:\\\/\\\/ruybarbosa.rn.gov.br\\\/transparente\\\/index\\\/wp-content\\\/plugins\\\/posts-table-filterable\\\/assets\\\/css\\\/print.css\",\"request_data\":{\"action\":\"tableon_get_table_data\",\"fields\":[\"post_title\",\"post_status\"],\"post_type\":\"post\",\"wp_columns_actions\":\"tableon_default_tables\",\"table_id\":32,\"predefinition\":\"a:1:{s:5:\\u0022rules\\u0022;a:1:{s:11:\\u0022by_taxonomy\\u0022;s:11:\\u0022category:31\\u0022;}}\",\"filter_data\":\"\",\"filter_provider\":\"default\",\"orderby\":\"post_date\",\"order\":\"desc\",\"per_page\":200,\"current_page\":0,\"shortcode_args_set\":\"a:4:{s:2:\\u0022id\\u0022;s:2:\\u002232\\u0022;s:6:\\u0022action\\u0022;s:22:\\u0022tableon_default_tables\\u0022;s:13:\\u0022no_found_text\\u0022;s:0:\\u0022\\u0022;s:15:\\u0022use_flow_header\\u0022;i:1;}\",\"tableon_link_get_data\":\"[]\"}}<\/div>\n<p>[\/et_pb_text][\/et_pb_column][\/et_pb_row][\/et_pb_section]<\/p>\n","protected":false},"excerpt":{"rendered":"<p>Sabemos que a exig\u00eancia por transpar\u00eancia no brasil j\u00e1 se estende desde o ano 2000 com a cria\u00e7\u00e3o da\u00a0lei de Responsabilidade Fiscal\u00a0(Lei Complementar n\u00ba 101, de 04 de maio de 2000), onde se tornou mais forte com a aprova\u00e7\u00e3o da\u00a0Lei da Transpar\u00eancia\u00a0(Lei Complementar 131, de 27 de maio de 2009). tendo seu refor\u00e7o com a\u00a0lei [&hellip;]<\/p>\n","protected":false},"author":1,"featured_media":0,"parent":9,"menu_order":0,"comment_status":"closed","ping_status":"closed","template":"","meta":{"_et_pb_use_builder":"on","_et_pb_old_content":"<p>[vc_row][vc_column][vc_tta_accordion][vc_tta_section title=\"Aviso de Licita\u00e7\u00e3o\" tab_id=\"1571750325215-5e7e62ea-215e\"][us_blog columns=\"1\" items=\"\" pagination=\"ajax\" categories=\"aviso-de-licitacao\" layout=\"latest\" title_size=\"20px\" show_date=\"1\" show_author=\"\" show_categories=\"\" show_tags=\"\" show_comments=\"\" show_read_more=\"\" content_type=\"none\"][\/vc_tta_section][vc_tta_section title=\"Convite\" tab_id=\"1571750417969-2699ef3f-22ab\"][us_blog columns=\"1\" items=\"\" pagination=\"ajax\" categories=\"convite\" layout=\"latest\" title_size=\"20px\" show_date=\"1\" show_author=\"\" show_categories=\"\" show_tags=\"\" show_comments=\"\" show_read_more=\"\" content_type=\"none\"][\/vc_tta_section][vc_tta_section title=\"Dispensa de Licita\u00e7\u00e3o\" tab_id=\"1571750411244-8d801e91-b7a1\"][us_blog columns=\"1\" items=\"\" pagination=\"ajax\" categories=\"dispensa-de-licitacao\" layout=\"latest\" title_size=\"20px\" show_date=\"1\" show_author=\"\" show_categories=\"\" show_tags=\"\" show_comments=\"\" show_read_more=\"\" content_type=\"none\"][\/vc_tta_section][vc_tta_section title=\"Inexigibilidade\" tab_id=\"1571750325216-9c5bc1cc-4b73\"][us_blog columns=\"1\" items=\"\" pagination=\"ajax\" categories=\"inexigibilidade\" layout=\"latest\" title_size=\"20px\" show_date=\"1\" show_author=\"\" show_categories=\"\" show_tags=\"\" show_comments=\"\" show_read_more=\"\" content_type=\"none\"][\/vc_tta_section][vc_tta_section title=\"Editais de Licita\u00e7\u00e3o\" tab_id=\"1571750423888-7390e23d-660b\"][us_blog columns=\"1\" items=\"\" pagination=\"ajax\" categories=\"editais-de-licitacao\" layout=\"latest\" title_size=\"20px\" show_date=\"1\" show_author=\"\" show_categories=\"\" show_tags=\"\" show_comments=\"\" show_read_more=\"\" content_type=\"none\"][\/vc_tta_section][vc_tta_section title=\"Preg\u00e3o Presencial\" tab_id=\"1571750439224-e0434bbc-23fc\"][us_blog columns=\"1\" items=\"\" pagination=\"ajax\" categories=\"pregao-presencial\" layout=\"latest\" title_size=\"20px\" show_date=\"1\" show_author=\"\" show_categories=\"\" show_tags=\"\" show_comments=\"\" show_read_more=\"\" content_type=\"none\"][\/vc_tta_section][vc_tta_section title=\"Resultado de Licita\u00e7\u00e3o\" tab_id=\"1571750433121-05026e92-bb11\"][us_blog columns=\"1\" items=\"\" pagination=\"ajax\" categories=\"resultado-de-licitacao\" layout=\"latest\" title_size=\"20px\" show_date=\"1\" show_author=\"\" show_categories=\"\" show_tags=\"\" show_comments=\"\" show_read_more=\"\" content_type=\"none\"][\/vc_tta_section][vc_tta_section title=\"Termo de Adjudica\u00e7\u00e3o\" tab_id=\"1571750454327-c6115999-df19\"][us_blog columns=\"1\" items=\"\" pagination=\"ajax\" categories=\"termo-de-adjudicacao\" layout=\"latest\" title_size=\"20px\" show_date=\"1\" show_author=\"\" show_categories=\"\" show_tags=\"\" show_comments=\"\" show_read_more=\"\" content_type=\"none\"][\/vc_tta_section][\/vc_tta_accordion][\/vc_column][\/vc_row]<\/p>","_et_gb_content_width":"","footnotes":""},"class_list":["post-68","page","type-page","status-publish","hentry"],"_links":{"self":[{"href":"https:\/\/ruybarbosa.rn.gov.br\/transparente\/index\/wp-json\/wp\/v2\/pages\/68","targetHints":{"allow":["GET"]}}],"collection":[{"href":"https:\/\/ruybarbosa.rn.gov.br\/transparente\/index\/wp-json\/wp\/v2\/pages"}],"about":[{"href":"https:\/\/ruybarbosa.rn.gov.br\/transparente\/index\/wp-json\/wp\/v2\/types\/page"}],"author":[{"embeddable":true,"href":"https:\/\/ruybarbosa.rn.gov.br\/transparente\/index\/wp-json\/wp\/v2\/users\/1"}],"replies":[{"embeddable":true,"href":"https:\/\/ruybarbosa.rn.gov.br\/transparente\/index\/wp-json\/wp\/v2\/comments?post=68"}],"version-history":[{"count":24,"href":"https:\/\/ruybarbosa.rn.gov.br\/transparente\/index\/wp-json\/wp\/v2\/pages\/68\/revisions"}],"predecessor-version":[{"id":27481,"href":"https:\/\/ruybarbosa.rn.gov.br\/transparente\/index\/wp-json\/wp\/v2\/pages\/68\/revisions\/27481"}],"up":[{"embeddable":true,"href":"https:\/\/ruybarbosa.rn.gov.br\/transparente\/index\/wp-json\/wp\/v2\/pages\/9"}],"wp:attachment":[{"href":"https:\/\/ruybarbosa.rn.gov.br\/transparente\/index\/wp-json\/wp\/v2\/media?parent=68"}],"curies":[{"name":"wp","href":"https:\/\/api.w.org\/{rel}","templated":true}]}}